{"id":677,"date":"2018-05-18T11:55:25","date_gmt":"2018-05-18T11:55:25","guid":{"rendered":"https:\/\/themedemo.commercegurus.com\/shoptimizer\/?post_type=product&#038;p=677"},"modified":"2026-02-04T12:46:49","modified_gmt":"2026-02-04T11:46:49","slug":"ajoure-kit-motorisation","status":"publish","type":"product","link":"https:\/\/portail-coulissant-aluminium.fr\/index.php\/product\/ajoure-kit-motorisation\/","title":{"rendered":"Portail aluminium coulissant ajour\u00e9 en kit avec ou sans motorisation"},"content":{"rendered":"\n<div class=\"wp-block-columns are-vertically-aligned-center is-layout-flex wp-container-core-columns-is-layout-28f84493 wp-block-columns-is-layout-flex\">\n<div class=\"wp-block-column is-vertically-aligned-center is-layout-flow wp-block-column-is-layout-flow\">\n<p class=\"title has-text-color\" style=\"color:#131315\"><\/p>\n\n\n\n<h2 class=\"wp-block-heading\"><strong>Portail aluminium coulissant ajour\u00e9 en kit (avec ou sans motorisation) : accessoires complets inclus<\/strong><\/h2>\n\n\n\n<p>Facilitez l\u2019acc\u00e8s \u00e0 votre propri\u00e9t\u00e9 avec notre portail coulissant en aluminium ajour\u00e9, pens\u00e9 pour s\u2019int\u00e9grer facilement \u00e0 tous les styles. Son design ajour\u00e9 laisse circuler l\u2019air et la lumi\u00e8re, tout en conservant une vraie sensation d\u2019intimit\u00e9. Livr\u00e9 en kit pr\u00eat \u00e0 monter, il inclut les accessoires indispensables pour une installation plus rapide et une utilisation durable.<\/p>\n<\/div>\n<\/div>\n\n\n\n<div style=\"height:30px\" aria-hidden=\"true\" class=\"wp-block-spacer\"><\/div>\n\n\n\n<div style=\"height:30px\" aria-hidden=\"true\" class=\"wp-block-spacer\"><\/div>\n\n\n\n<div class=\"wp-block-columns are-vertically-aligned-center is-layout-flex wp-container-core-columns-is-layout-28f84493 wp-block-columns-is-layout-flex\">\n<div class=\"wp-block-column is-vertically-aligned-center is-layout-flow wp-block-column-is-layout-flow\">\n<figure class=\"wp-block-image size-full\"><img fetchpriority=\"high\" decoding=\"async\" width=\"1024\" height=\"1024\" src=\"https:\/\/portail-coulissant-aluminium.fr\/wp-content\/uploads\/2022\/01\/hf_20260204_104301_2d65edb9-2e7f-435a-b3de-e5dfd721a180-1.png\" alt=\"\" class=\"wp-image-7192\" srcset=\"https:\/\/portail-coulissant-aluminium.fr\/wp-content\/uploads\/2022\/01\/hf_20260204_104301_2d65edb9-2e7f-435a-b3de-e5dfd721a180-1.png 1024w, https:\/\/portail-coulissant-aluminium.fr\/wp-content\/uploads\/2022\/01\/hf_20260204_104301_2d65edb9-2e7f-435a-b3de-e5dfd721a180-1-300x300.png 300w, https:\/\/portail-coulissant-aluminium.fr\/wp-content\/uploads\/2022\/01\/hf_20260204_104301_2d65edb9-2e7f-435a-b3de-e5dfd721a180-1-150x150.png 150w, https:\/\/portail-coulissant-aluminium.fr\/wp-content\/uploads\/2022\/01\/hf_20260204_104301_2d65edb9-2e7f-435a-b3de-e5dfd721a180-1-768x768.png 768w, https:\/\/portail-coulissant-aluminium.fr\/wp-content\/uploads\/2022\/01\/hf_20260204_104301_2d65edb9-2e7f-435a-b3de-e5dfd721a180-1-990x990.png 990w, https:\/\/portail-coulissant-aluminium.fr\/wp-content\/uploads\/2022\/01\/hf_20260204_104301_2d65edb9-2e7f-435a-b3de-e5dfd721a180-1-441x441.png 441w, https:\/\/portail-coulissant-aluminium.fr\/wp-content\/uploads\/2022\/01\/hf_20260204_104301_2d65edb9-2e7f-435a-b3de-e5dfd721a180-1-100x100.png 100w, https:\/\/portail-coulissant-aluminium.fr\/wp-content\/uploads\/2022\/01\/hf_20260204_104301_2d65edb9-2e7f-435a-b3de-e5dfd721a180-1-800x800.png 800w\" sizes=\"(max-width: 1024px) 100vw, 1024px\" \/><\/figure>\n<\/div>\n\n\n\n<div class=\"wp-block-column is-vertically-aligned-center is-layout-flow wp-block-column-is-layout-flow\" style=\"flex-basis:40%\">\n<h2 class=\"wp-block-heading\">Accessoires inclus (pack complet)<\/h2>\n\n\n\n<p>Serrure (avec barillet + 3 cl\u00e9s) + poign\u00e9e noire + visserie d\u00e9di\u00e9e<\/p>\n\n\n\n<p>R\u00e9ception + pi\u00e8ces de guidage<\/p>\n\n\n\n<p>2 roulettes + avaloir<\/p>\n\n\n\n<p>Plaque inox + entretoises + plats + caches + chapeaux de montants<\/p>\n\n\n\n<p>Visserie et \u00e9crous pour assemblage (M6 \/ M8)<\/p>\n<\/div>\n<\/div>\n\n\n\n<div style=\"height:30px\" aria-hidden=\"true\" class=\"wp-block-spacer\"><\/div>\n\n\n\n<div class=\"wp-block-columns are-vertically-aligned-center is-layout-flex wp-container-core-columns-is-layout-28f84493 wp-block-columns-is-layout-flex\">\n<div class=\"wp-block-column is-vertically-aligned-center is-layout-flow wp-block-column-is-layout-flow\">\n<h2 class=\"wp-block-heading\">Caract\u00e9ristiques techniques<\/h2>\n\n\n\n<p><strong>Hauteur :<\/strong> 1 200 mm<\/p>\n\n\n\n<p><strong>Largeurs entre piliers (au choix) :<\/strong><\/p>\n\n\n\n<p>2 950 \u00e0 3 050 mm<\/p>\n\n\n\n<p>3 450 \u00e0 3 550 mm<\/p>\n\n\n\n<p>3 950 \u00e0 4 050 mm<\/p>\n\n\n\n<p><strong>Poids :<\/strong> env. 53 \u00e0 68 kg<\/p>\n\n\n\n<p><strong>Couleurs :<\/strong> Blanc RAL 9010, Brun RAL 1247, Gris RAL 7016, Noir RAL 9005, Rouge RAL 3004, Vert RAL 6005<\/p>\n\n\n\n<p><strong>Garantie :<\/strong> portail 5 ans \/ accessoires 1 an<\/p>\n\n\n\n<p><strong>Motorisation (option) :<\/strong> Somfy Freevia<\/p>\n<\/div>\n\n\n\n<div class=\"wp-block-column is-vertically-aligned-center is-layout-flow wp-block-column-is-layout-flow\" style=\"flex-basis:60%\">\n<p><\/p>\n<\/div>\n<\/div>\n","protected":false},"excerpt":{"rendered":"<h2 data-start=\"1526\" data-end=\"1541\">Points forts<\/h2>\n<ul data-start=\"1542\" data-end=\"1863\">\n<li data-start=\"1542\" data-end=\"1622\">\n<p data-start=\"1544\" data-end=\"1622\"><strong data-start=\"1544\" data-end=\"1559\">Kit complet<\/strong> : accessoires inclus pour limiter les achats compl\u00e9mentaires<\/p>\n<\/li>\n<li data-start=\"1623\" data-end=\"1680\">\n<p data-start=\"1625\" data-end=\"1680\"><strong data-start=\"1625\" data-end=\"1646\">Aluminium durable<\/strong> : r\u00e9sistant, facile d\u2019entretien<\/p>\n<\/li>\n<li data-start=\"1681\" data-end=\"1739\">\n<p data-start=\"1683\" data-end=\"1739\"><strong data-start=\"1683\" data-end=\"1693\">Ajour\u00e9<\/strong> : esth\u00e9tique moderne, meilleure ventilation<\/p>\n<\/li>\n<li data-start=\"1740\" data-end=\"1818\">\n<p data-start=\"1742\" data-end=\"1818\"><strong data-start=\"1742\" data-end=\"1767\">Finitions labellis\u00e9es<\/strong> : protection renforc\u00e9e (Qualicoat \/ Qualimarine)<\/p>\n<\/li>\n<li data-start=\"1819\" data-end=\"1863\">\n<p data-start=\"1821\" data-end=\"1863\"><strong data-start=\"1821\" data-end=\"1844\">Option motorisation<\/strong> : compatible Somfy<\/p>\n<\/li>\n<\/ul>\n","protected":false},"featured_media":7189,"comment_status":"open","ping_status":"closed","template":"","meta":[],"product_brand":[],"product_cat":[28],"product_tag":[],"class_list":{"0":"post-677","1":"product","2":"type-product","3":"status-publish","4":"has-post-thumbnail","6":"product_cat-portail-coulissant-aluminium-ajoure","8":"first","9":"instock","10":"shipping-taxable","11":"purchasable","12":"product-type-variable"},"jetpack_sharing_enabled":false,"_links":{"self":[{"href":"https:\/\/portail-coulissant-aluminium.fr\/index.php\/wp-json\/wp\/v2\/product\/677","targetHints":{"allow":["GET"]}}],"collection":[{"href":"https:\/\/portail-coulissant-aluminium.fr\/index.php\/wp-json\/wp\/v2\/product"}],"about":[{"href":"https:\/\/portail-coulissant-aluminium.fr\/index.php\/wp-json\/wp\/v2\/types\/product"}],"replies":[{"embeddable":true,"href":"https:\/\/portail-coulissant-aluminium.fr\/index.php\/wp-json\/wp\/v2\/comments?post=677"}],"wp:featuredmedia":[{"embeddable":true,"href":"https:\/\/portail-coulissant-aluminium.fr\/index.php\/wp-json\/wp\/v2\/media\/7189"}],"wp:attachment":[{"href":"https:\/\/portail-coulissant-aluminium.fr\/index.php\/wp-json\/wp\/v2\/media?parent=677"}],"wp:term":[{"taxonomy":"product_brand","embeddable":true,"href":"https:\/\/portail-coulissant-aluminium.fr\/index.php\/wp-json\/wp\/v2\/product_brand?post=677"},{"taxonomy":"product_cat","embeddable":true,"href":"https:\/\/portail-coulissant-aluminium.fr\/index.php\/wp-json\/wp\/v2\/product_cat?post=677"},{"taxonomy":"product_tag","embeddable":true,"href":"https:\/\/portail-coulissant-aluminium.fr\/index.php\/wp-json\/wp\/v2\/product_tag?post=677"}],"curies":[{"name":"wp","href":"https:\/\/api.w.org\/{rel}","templated":true}]}}